{"id":1283,"date":"2022-09-05T16:31:19","date_gmt":"2022-09-05T16:31:19","guid":{"rendered":"https:\/\/reha-andeer.ch\/impressum\/"},"modified":"2022-11-11T07:10:05","modified_gmt":"2022-11-11T07:10:05","slug":"impressum","status":"publish","type":"page","link":"https:\/\/reha-andeer.ch\/it\/impressum\/","title":{"rendered":"Impressum"},"content":{"rendered":"<div class=\"wpb-content-wrapper\"><p>[vc_section][vc_row][vc_column][vc_column_text]<\/p>\n<div class=\"vc_row wpb_row vc_row-fluid\">\n<div class=\"wpb_column vc_column_container vc_col-sm-12\">\n<div class=\"vc_column-inner\">\n<div class=\"wpb_wrapper\">\n<div class=\"wpb_text_column wpb_content_element impress-daten_wrapper\">\n<div class=\"wpb_wrapper\">\n<div class=\"vc_row wpb_row vc_row-fluid\">\n<div class=\"angebot_text_header wpb_column vc_column_container vc_col-sm-12\">\n<div class=\"vc_column-inner\">\n<div class=\"wpb_wrapper\">\n<div class=\"wpb_text_column wpb_content_element \">\n<div class=\"wpb_wrapper\">\n<h2><strong>Impressum<\/strong><\/h2>\n<\/div>\n<\/div>\n<\/div>\n<\/div>\n<\/div>\n<\/div>\n<\/div>\n<\/div>\n<\/div>\n<\/div>\n<\/div>\n<\/div>\n<div class=\"vc_row wpb_row vc_row-fluid\">\n<div class=\"wpb_column vc_column_container vc_col-sm-12\">\n<div class=\"vc_column-inner\">\n<div class=\"wpb_wrapper\">\n<div class=\"wpb_text_column wpb_content_element impress-daten_wrapper\">\n<div class=\"wpb_wrapper\">\n<h3><\/h3>\n<h3><strong>Konzeption, Gestaltung und Programmierung\u00a0<\/strong><\/h3>\n<p>Vinavant AG,\u00a0Bahnhofstrasse 9,\u00a07302 Landquart<\/p>\n<\/div>\n<\/div>\n<\/div>\n<\/div>\n<\/div>\n<\/div>\n<div class=\"vc_row wpb_row vc_row-fluid\">\n<div class=\"wpb_column vc_column_container vc_col-sm-12\">\n<div class=\"vc_column-inner\">\n<div class=\"wpb_wrapper\">\n<div class=\"wpb_text_column wpb_content_element impress-daten_wrapper\">\n<div class=\"wpb_wrapper\">\n<div class=\"vc_row wpb_row vc_row-fluid\">\n<div class=\"angebot_text_header wpb_column vc_column_container vc_col-sm-12\">\n<div class=\"vc_column-inner\">\n<div class=\"wpb_wrapper\">\n<div class=\"wpb_text_column wpb_content_element \">\n<div class=\"wpb_wrapper\">\n<h3><\/h3>\n<h3><strong>Bild<\/strong><\/h3>\n<p>Dolores Rupa, Andrea Badrutt und Roman Eugster<\/p>\n<\/div>\n<\/div>\n<\/div>\n<\/div>\n<\/div>\n<\/div>\n<\/div>\n<\/div>\n<\/div>\n<\/div>\n<\/div>\n<\/div>\n<div class=\"vc_row wpb_row vc_row-fluid\">\n<div class=\"wpb_column vc_column_container vc_col-sm-12\">\n<div class=\"vc_column-inner\">\n<div class=\"wpb_wrapper\">\n<div class=\"wpb_text_column wpb_content_element impress-daten_wrapper\">\n<div class=\"wpb_wrapper\">\n<div class=\"vc_row wpb_row vc_row-fluid\">\n<div class=\"angebot_text_header wpb_column vc_column_container vc_col-sm-12\">\n<div class=\"vc_column-inner\">\n<div class=\"wpb_wrapper\">\n<div class=\"wpb_text_column wpb_content_element \">\n<div class=\"wpb_wrapper\">\n<h3><\/h3>\n<h3><strong>Haftungsausschluss<\/strong><\/h3>\n<p>Der Autor \u00fcbernimmt keinerlei Gew\u00e4hr hinsichtlich der inhaltlichen Richtigkeit, Genauigkeit, Aktualit\u00e4t, Zuverl\u00e4ssigkeit und Vollst\u00e4ndigkeit der Informationen.<br \/>\nHaftungsanspr\u00fcche gegen den Autor wegen Sch\u00e4den materieller oder immaterieller Art, welche aus dem Zugriff oder der Nutzung bzw. Nichtnutzung der ver\u00f6ffentlichten Informationen, durch Missbrauch der Verbindung oder durch technische St\u00f6rungen entstanden sind, werden ausgeschlossen.<br \/>\nAlle Angebote sind unverbindlich. Der Autor beh\u00e4lt es sich ausdr\u00fccklich vor, Teile der Seiten oder das gesamte Angebot ohne gesonderte Ank\u00fcndigung zu ver\u00e4ndern, zu erg\u00e4nzen, zu l\u00f6schen oder die Ver\u00f6ffentlichung zeitweise oder endg\u00fcltig einzustellen.<\/p>\n<\/div>\n<\/div>\n<\/div>\n<\/div>\n<\/div>\n<\/div>\n<\/div>\n<\/div>\n<\/div>\n<\/div>\n<\/div>\n<\/div>\n<div class=\"vc_row wpb_row vc_row-fluid\">\n<div class=\"wpb_column vc_column_container vc_col-sm-12\">\n<div class=\"vc_column-inner\">\n<div class=\"wpb_wrapper\">\n<div class=\"wpb_text_column wpb_content_element impress-daten_wrapper\">\n<div class=\"wpb_wrapper\">\n<div class=\"vc_row wpb_row vc_row-fluid\">\n<div class=\"angebot_text_header wpb_column vc_column_container vc_col-sm-12\">\n<div class=\"vc_column-inner\">\n<div class=\"wpb_wrapper\">\n<div class=\"wpb_text_column wpb_content_element \">\n<div class=\"wpb_wrapper\">\n<h3><\/h3>\n<h3><strong>Haftung f\u00fcr Links<\/strong><\/h3>\n<p>Verweise und Links auf Webseiten Dritter liegen ausserhalb unseres Verantwortungsbereichs Es wird jegliche Verantwortung f\u00fcr solche Webseiten abgelehnt. Der Zugriff und die Nutzung solcher Webseiten erfolgen auf eigene Gefahr des Nutzers oder der Nutzerin.<\/p>\n<\/div>\n<\/div>\n<\/div>\n<\/div>\n<\/div>\n<\/div>\n<\/div>\n<\/div>\n<\/div>\n<\/div>\n<\/div>\n<\/div>\n<div class=\"vc_row wpb_row vc_row-fluid\">\n<div class=\"wpb_column vc_column_container vc_col-sm-12\">\n<div class=\"vc_column-inner\">\n<div class=\"wpb_wrapper\">\n<div class=\"wpb_text_column wpb_content_element impress-daten_wrapper\">\n<div class=\"wpb_wrapper\">\n<div class=\"vc_row wpb_row vc_row-fluid\">\n<div class=\"angebot_text_header wpb_column vc_column_container vc_col-sm-12\">\n<div class=\"vc_column-inner\">\n<div class=\"wpb_wrapper\">\n<div class=\"wpb_text_column wpb_content_element \">\n<div class=\"wpb_wrapper\">\n<h3><\/h3>\n<h3><strong>Urheberrechte<\/strong><\/h3>\n<p>Die Urheber- und alle anderen Rechte an Inhalten, Bildern, Fotos oder anderen Dateien auf der Website geh\u00f6ren ausschliesslich der Firma\u00a0<span class=\"nowrap_pb\">point break<\/span>\u00a0GmbH oder den speziell genannten Rechtsinhabern. F\u00fcr die Reproduktion jeglicher Elemente ist die schriftliche Zustimmung der Urheberrechtstr\u00e4ger im Voraus einzuholen.<\/p>\n<\/div>\n<\/div>\n<\/div>\n<\/div>\n<\/div>\n<\/div>\n<\/div>\n<\/div>\n<\/div>\n<\/div>\n<\/div>\n<\/div>\n<div class=\"vc_row wpb_row vc_row-fluid\">\n<div class=\"wpb_column vc_column_container vc_col-sm-12\">\n<div class=\"vc_column-inner\">\n<div class=\"wpb_wrapper\">\n<div class=\"wpb_text_column wpb_content_element impress-daten_wrapper\">\n<div class=\"wpb_wrapper\">\n<div class=\"vc_row wpb_row vc_row-fluid\">\n<div class=\"angebot_text_header wpb_column vc_column_container vc_col-sm-12\">\n<div class=\"vc_column-inner\">\n<div class=\"wpb_wrapper\">\n<div class=\"wpb_text_column wpb_content_element \">\n<div class=\"wpb_wrapper\">\n<h3><\/h3>\n<h3><strong>Datenschutzrechtlicher Hinweis betreffend Google Analytics<\/strong><\/h3>\n<p>Diese Website benutzt Google Analytics, einen Webanalysedienst der Google Inc. (\u201eGoogle\u201c) Google Analytics verwendet sog. \u201eCookies\u201c, Textdateien, die auf Ihrem Computer gespeichert werden und die eine Analyse der Benutzung der Website durch Sie erm\u00f6glicht. Die durch den Cookie erzeugten Informationen \u00fcber Ihre Benutzung dieser Website (einschlie\u00dflich Ihrer IP-Adresse) wird an einen Server von Google in den USA \u00fcbertragen und dort gespeichert. Google wird diese Informationen benutzen, um Ihre Nutzung der Website auszuwerten, um Reports \u00fcber die Websiteaktivit\u00e4ten f\u00fcr die Websitebetreiber zusammenzustellen und um weitere mit der Websitenutzung und der Internetnutzung verbundene Dienstleistungen zu erbringen. Auch wird Google diese Informationen gegebenenfalls an Dritte \u00fcbertragen, sofern dies gesetzlich vorgeschrieben oder soweit Dritte diese Daten im Auftrag von Google verarbeiten. Google wird in keinem Fall Ihre IP-Adresse mit anderen Daten der Google in Verbindung bringen. Durch die Nutzung dieser Website erkl\u00e4ren Sie sich mit der Bearbeitung der \u00fcber Sie erhobenen Daten durch Google in der zuvor beschriebenen Art und Weise und zu dem zuvor benannten Zweck einverstanden.<\/p>\n<p>Hinweis zu den Wiederspruchsm\u00f6glichkeiten: Sie k\u00f6nnen die Erfassung durch Google Analytics verhindern, indem Sie das OptOut-Plugin von Google f\u00fcr Ihren Browser nutzen. Sie k\u00f6nnen alternativ auch die Installation der Cookies durch eine entsprechende Einstellung Ihrer Browser Software verhindern; wir weisen Sie jedoch darauf hin, dass Sie in diesem Fall gegebenenfalls nicht s\u00e4mtliche Funktionen dieser Website voll umf\u00e4nglich nutzen k\u00f6nnen.<\/p>\n<\/div>\n<\/div>\n<\/div>\n<\/div>\n<\/div>\n<\/div>\n<\/div>\n<\/div>\n<\/div>\n<\/div>\n<\/div>\n<\/div>\n<div class=\"vc_row wpb_row vc_row-fluid\">\n<div class=\"wpb_column vc_column_container vc_col-sm-12\">\n<div class=\"vc_column-inner\">\n<div class=\"wpb_wrapper\">\n<div class=\"wpb_text_column wpb_content_element impress-daten_wrapper\">\n<div class=\"wpb_wrapper\">\n<div class=\"vc_row wpb_row vc_row-fluid\">\n<div class=\"angebot_text_header wpb_column vc_column_container vc_col-sm-12\">\n<div class=\"vc_column-inner\">\n<div class=\"wpb_wrapper\">\n<div class=\"wpb_text_column wpb_content_element \">\n<div class=\"wpb_wrapper\">\n<h3><\/h3>\n<h3><strong>Nutzung von Facebook Remarketing<\/strong><\/h3>\n<p>Diese Website verwendet die Remarketing-Funktion \u201eCustom Audiences\u201c der Facebook Inc. (\u201eFacebook\u201c). Diese Funktion dient dazu, Besuchern dieser Webseite im Rahmen des Besuchs des sozialen Netzwerkes Facebook interessenbezogene Werbeanzeigen (\u201eFacebook-Ads\u201c) zu pr\u00e4sentieren. Hierzu wurde auf dieser Website das Remarketing-Tag von Facebook implementiert. \u00dcber dieses Tag wird beim Besuch der Webseite eine direkte Verbindung zu den Facebook-Servern hergestellt. Dabei wird an den Facebook-Server \u00fcbermittelt, dass Sie diese Website besucht haben und Facebook ordnet diese Information Ihrem pers\u00f6nlichen Facebook-Benutzerkonto zu. N\u00e4here Informationen zur Erhebung und Nutzung der Daten durch Facebook sowie \u00fcber Ihre diesbez\u00fcglichen Rechte und M\u00f6glichkeiten zum Schutz Ihrer Privatsph\u00e4re finden Sie in den Datenschutzhinweisen von Facebook unter\u00a0<a href=\"https:\/\/www.facebook.com\/about\/privacy\/\" target=\"_blank\" rel=\"noopener\">https:\/\/www.facebook.com\/about\/privacy\/<\/a>. Alternativ k\u00f6nnen Sie die Remarketing-Funktion \u201eCustom Audiences\u201c unter\u00a0<a href=\"https:\/\/www.facebook.com\/settings\/?tab=ads#_=_\" target=\"_blank\" rel=\"noopener\">https:\/\/www.facebook.com\/settings\/?tab=ads#_=_<\/a>\u00a0deaktivieren. Hierf\u00fcr m\u00fcssen Sie bei Facebook angemeldet sein.<\/p>\n<\/div>\n<\/div>\n<\/div>\n<\/div>\n<\/div>\n<\/div>\n<\/div>\n<\/div>\n<\/div>\n<\/div>\n<\/div>\n<\/div>\n<p>[\/vc_column_text][\/vc_column][\/vc_row][\/vc_section]<\/p>\n<\/div>","protected":false},"excerpt":{"rendered":"<p>[vc_section][vc_row][vc_column][vc_column_text] Impressum Konzeption, Gestaltung und Programmierung\u00a0 Vinavant AG,\u00a0Bahnhofstrasse 9,\u00a07302 Landquart Bild Dolores Rupa, Andrea Badrutt und Roman Eugster Haftungsausschluss Der Autor \u00fcbernimmt keinerlei Gew\u00e4hr hinsichtlich der inhaltlichen Richtigkeit, Genauigkeit, Aktualit\u00e4t, Zuverl\u00e4ssigkeit und Vollst\u00e4ndigkeit der Informationen. Haftungsanspr\u00fcche gegen den Autor wegen Sch\u00e4den materieller oder immaterieller Art, welche aus dem Zugriff oder der Nutzung bzw. Nichtnutzung der&hellip; <a class=\"more-link\" href=\"https:\/\/reha-andeer.ch\/it\/impressum\/\">Continua a leggere <span class=\"screen-reader-text\">Impressum<\/span><\/a><\/p>\n","protected":false},"author":1,"featured_media":0,"parent":0,"menu_order":0,"comment_status":"closed","ping_status":"closed","template":"","meta":{"_acf_changed":false,"footnotes":""},"class_list":["post-1283","page","type-page","status-publish","hentry","entry"],"acf":[],"yoast_head":"<!-- This site is optimized with the Yoast SEO plugin v27.3 - https:\/\/yoast.com\/product\/yoast-seo-wordpress\/ -->\n<title>Impressum &#8211; Reha Andeer<\/title>\n<meta name=\"description\" content=\"Der Autor \u00fcbernimmt keinerlei Gew\u00e4hr hinsichtlich der inhaltlichen Richtigkeit, Genauigkeit, Aktualit\u00e4t, Zuverl\u00e4ssigkeit und Vollst\u00e4ndigkeit der Informationen.\" \/>\n<meta name=\"robots\" content=\"index, follow, max-snippet:-1, max-image-preview:large, max-video-preview:-1\" \/>\n<link rel=\"canonical\" href=\"https:\/\/reha-andeer.ch\/impressum\/\" \/>\n<meta property=\"og:locale\" content=\"it_IT\" \/>\n<meta property=\"og:type\" content=\"article\" \/>\n<meta property=\"og:title\" content=\"Impressum &#8211; Reha Andeer\" \/>\n<meta property=\"og:description\" content=\"Der Autor \u00fcbernimmt keinerlei Gew\u00e4hr hinsichtlich der inhaltlichen Richtigkeit, Genauigkeit, Aktualit\u00e4t, Zuverl\u00e4ssigkeit und Vollst\u00e4ndigkeit der Informationen.\" \/>\n<meta property=\"og:url\" content=\"https:\/\/reha-andeer.ch\/impressum\/\" \/>\n<meta property=\"og:site_name\" content=\"Reha Andeer\" \/>\n<meta property=\"article:modified_time\" content=\"2022-11-11T07:10:05+00:00\" \/>\n<meta name=\"twitter:card\" content=\"summary_large_image\" \/>\n<meta name=\"twitter:label1\" content=\"Tempo di lettura stimato\" \/>\n\t<meta name=\"twitter:data1\" content=\"3 minuti\" \/>\n<script type=\"application\/ld+json\" class=\"yoast-schema-graph\">{\"@context\":\"https:\\\/\\\/schema.org\",\"@graph\":[{\"@type\":\"WebPage\",\"@id\":\"https:\\\/\\\/reha-andeer.ch\\\/impressum\\\/\",\"url\":\"https:\\\/\\\/reha-andeer.ch\\\/impressum\\\/\",\"name\":\"Impressum &#8211; Reha Andeer\",\"isPartOf\":{\"@id\":\"https:\\\/\\\/reha-andeer.ch\\\/#website\"},\"datePublished\":\"2022-09-05T16:31:19+00:00\",\"dateModified\":\"2022-11-11T07:10:05+00:00\",\"description\":\"Der Autor \u00fcbernimmt keinerlei Gew\u00e4hr hinsichtlich der inhaltlichen Richtigkeit, Genauigkeit, Aktualit\u00e4t, Zuverl\u00e4ssigkeit und Vollst\u00e4ndigkeit der Informationen.\",\"breadcrumb\":{\"@id\":\"https:\\\/\\\/reha-andeer.ch\\\/impressum\\\/#breadcrumb\"},\"inLanguage\":\"it-IT\",\"potentialAction\":[{\"@type\":\"ReadAction\",\"target\":[\"https:\\\/\\\/reha-andeer.ch\\\/impressum\\\/\"]}]},{\"@type\":\"BreadcrumbList\",\"@id\":\"https:\\\/\\\/reha-andeer.ch\\\/impressum\\\/#breadcrumb\",\"itemListElement\":[{\"@type\":\"ListItem\",\"position\":1,\"name\":\"Startseite\",\"item\":\"https:\\\/\\\/reha-andeer.ch\\\/it\\\/home-it\\\/\"},{\"@type\":\"ListItem\",\"position\":2,\"name\":\"Impressum\"}]},{\"@type\":\"WebSite\",\"@id\":\"https:\\\/\\\/reha-andeer.ch\\\/#website\",\"url\":\"https:\\\/\\\/reha-andeer.ch\\\/\",\"name\":\"Reha Andeer\",\"description\":\"\",\"publisher\":{\"@id\":\"https:\\\/\\\/reha-andeer.ch\\\/#organization\"},\"potentialAction\":[{\"@type\":\"SearchAction\",\"target\":{\"@type\":\"EntryPoint\",\"urlTemplate\":\"https:\\\/\\\/reha-andeer.ch\\\/?s={search_term_string}\"},\"query-input\":{\"@type\":\"PropertyValueSpecification\",\"valueRequired\":true,\"valueName\":\"search_term_string\"}}],\"inLanguage\":\"it-IT\"},{\"@type\":\"Organization\",\"@id\":\"https:\\\/\\\/reha-andeer.ch\\\/#organization\",\"name\":\"Reha Andeer\",\"url\":\"https:\\\/\\\/reha-andeer.ch\\\/\",\"logo\":{\"@type\":\"ImageObject\",\"inLanguage\":\"it-IT\",\"@id\":\"https:\\\/\\\/reha-andeer.ch\\\/#\\\/schema\\\/logo\\\/image\\\/\",\"url\":\"https:\\\/\\\/reha-andeer.ch\\\/wp-content\\\/uploads\\\/2022\\\/09\\\/Reha-Andeer_Logo_myck_ohne-Slogan2013.png\",\"contentUrl\":\"https:\\\/\\\/reha-andeer.ch\\\/wp-content\\\/uploads\\\/2022\\\/09\\\/Reha-Andeer_Logo_myck_ohne-Slogan2013.png\",\"width\":7000,\"height\":1153,\"caption\":\"Reha Andeer\"},\"image\":{\"@id\":\"https:\\\/\\\/reha-andeer.ch\\\/#\\\/schema\\\/logo\\\/image\\\/\"}}]}<\/script>\n<!-- \/ Yoast SEO plugin. -->","yoast_head_json":{"title":"Impressum &#8211; Reha Andeer","description":"Der Autor \u00fcbernimmt keinerlei Gew\u00e4hr hinsichtlich der inhaltlichen Richtigkeit, Genauigkeit, Aktualit\u00e4t, Zuverl\u00e4ssigkeit und Vollst\u00e4ndigkeit der Informationen.","robots":{"index":"index","follow":"follow","max-snippet":"max-snippet:-1","max-image-preview":"max-image-preview:large","max-video-preview":"max-video-preview:-1"},"canonical":"https:\/\/reha-andeer.ch\/impressum\/","og_locale":"it_IT","og_type":"article","og_title":"Impressum &#8211; Reha Andeer","og_description":"Der Autor \u00fcbernimmt keinerlei Gew\u00e4hr hinsichtlich der inhaltlichen Richtigkeit, Genauigkeit, Aktualit\u00e4t, Zuverl\u00e4ssigkeit und Vollst\u00e4ndigkeit der Informationen.","og_url":"https:\/\/reha-andeer.ch\/impressum\/","og_site_name":"Reha Andeer","article_modified_time":"2022-11-11T07:10:05+00:00","twitter_card":"summary_large_image","twitter_misc":{"Tempo di lettura stimato":"3 minuti"},"schema":{"@context":"https:\/\/schema.org","@graph":[{"@type":"WebPage","@id":"https:\/\/reha-andeer.ch\/impressum\/","url":"https:\/\/reha-andeer.ch\/impressum\/","name":"Impressum &#8211; Reha Andeer","isPartOf":{"@id":"https:\/\/reha-andeer.ch\/#website"},"datePublished":"2022-09-05T16:31:19+00:00","dateModified":"2022-11-11T07:10:05+00:00","description":"Der Autor \u00fcbernimmt keinerlei Gew\u00e4hr hinsichtlich der inhaltlichen Richtigkeit, Genauigkeit, Aktualit\u00e4t, Zuverl\u00e4ssigkeit und Vollst\u00e4ndigkeit der Informationen.","breadcrumb":{"@id":"https:\/\/reha-andeer.ch\/impressum\/#breadcrumb"},"inLanguage":"it-IT","potentialAction":[{"@type":"ReadAction","target":["https:\/\/reha-andeer.ch\/impressum\/"]}]},{"@type":"BreadcrumbList","@id":"https:\/\/reha-andeer.ch\/impressum\/#breadcrumb","itemListElement":[{"@type":"ListItem","position":1,"name":"Startseite","item":"https:\/\/reha-andeer.ch\/it\/home-it\/"},{"@type":"ListItem","position":2,"name":"Impressum"}]},{"@type":"WebSite","@id":"https:\/\/reha-andeer.ch\/#website","url":"https:\/\/reha-andeer.ch\/","name":"Reha Andeer","description":"","publisher":{"@id":"https:\/\/reha-andeer.ch\/#organization"},"potentialAction":[{"@type":"SearchAction","target":{"@type":"EntryPoint","urlTemplate":"https:\/\/reha-andeer.ch\/?s={search_term_string}"},"query-input":{"@type":"PropertyValueSpecification","valueRequired":true,"valueName":"search_term_string"}}],"inLanguage":"it-IT"},{"@type":"Organization","@id":"https:\/\/reha-andeer.ch\/#organization","name":"Reha Andeer","url":"https:\/\/reha-andeer.ch\/","logo":{"@type":"ImageObject","inLanguage":"it-IT","@id":"https:\/\/reha-andeer.ch\/#\/schema\/logo\/image\/","url":"https:\/\/reha-andeer.ch\/wp-content\/uploads\/2022\/09\/Reha-Andeer_Logo_myck_ohne-Slogan2013.png","contentUrl":"https:\/\/reha-andeer.ch\/wp-content\/uploads\/2022\/09\/Reha-Andeer_Logo_myck_ohne-Slogan2013.png","width":7000,"height":1153,"caption":"Reha Andeer"},"image":{"@id":"https:\/\/reha-andeer.ch\/#\/schema\/logo\/image\/"}}]}},"_links":{"self":[{"href":"https:\/\/reha-andeer.ch\/it\/wp-json\/wp\/v2\/pages\/1283","targetHints":{"allow":["GET"]}}],"collection":[{"href":"https:\/\/reha-andeer.ch\/it\/wp-json\/wp\/v2\/pages"}],"about":[{"href":"https:\/\/reha-andeer.ch\/it\/wp-json\/wp\/v2\/types\/page"}],"author":[{"embeddable":true,"href":"https:\/\/reha-andeer.ch\/it\/wp-json\/wp\/v2\/users\/1"}],"replies":[{"embeddable":true,"href":"https:\/\/reha-andeer.ch\/it\/wp-json\/wp\/v2\/comments?post=1283"}],"version-history":[{"count":2,"href":"https:\/\/reha-andeer.ch\/it\/wp-json\/wp\/v2\/pages\/1283\/revisions"}],"predecessor-version":[{"id":1285,"href":"https:\/\/reha-andeer.ch\/it\/wp-json\/wp\/v2\/pages\/1283\/revisions\/1285"}],"wp:attachment":[{"href":"https:\/\/reha-andeer.ch\/it\/wp-json\/wp\/v2\/media?parent=1283"}],"curies":[{"name":"wp","href":"https:\/\/api.w.org\/{rel}","templated":true}]}}